{"id":5787,"date":"2023-03-05T08:30:56","date_gmt":"2023-03-05T08:30:56","guid":{"rendered":"https:\/\/cafs.org.sa\/?page_id=5787"},"modified":"2026-01-25T13:44:19","modified_gmt":"2026-01-25T10:44:19","slug":"leadership","status":"publish","type":"page","link":"https:\/\/cafs.org.sa\/fr\/leadership\/","title":{"rendered":"Gouvernance"},"content":{"rendered":"<div data-elementor-type=\"wp-page\" data-elementor-id=\"5787\" class=\"elementor elementor-5787\">\n\t\t\t\t\t\t<section class=\"elementor-section elementor-top-section elementor-element elementor-element-c383f53 elementor-section-boxed elementor-section-height-default elementor-section-height-default\" data-id=\"c383f53\" data-element_type=\"section\">\n\t\t\t\t\t\t<div class=\"elementor-container elementor-column-gap-default\">\n\t\t\t\t\t<div class=\"elementor-column elementor-col-100 elementor-top-column elementor-element elementor-element-06db6de\" data-id=\"06db6de\" data-element_type=\"column\">\n\t\t\t<div class=\"elementor-widget-wrap elementor-element-populated\">\n\t\t\t\t\t\t<div class=\"elementor-element elementor-element-7344d44 elementor-widget elementor-widget-ova_heading\" data-id=\"7344d44\" data-element_type=\"widget\" data-widget_type=\"ova_heading.default\">\n\t\t\t\t<div class=\"elementor-widget-container\">\n\t\t\t\t\t<div class=\"ova-heading\">\n\t\t\t\n\t\t\t\t\t\t\t<h3 class=\"title second_font\">2025 Presidency<\/h3>\n\t\t\t\n\t\t\t\n\t\t<\/div>\n\t\t\t\t<\/div>\n\t\t\t\t<\/div>\n\t\t\t\t\t<\/div>\n\t\t<\/div>\n\t\t\t\t\t<\/div>\n\t\t<\/section>\n\t\t\t\t<section class=\"elementor-section elementor-top-section elementor-element elementor-element-4137e63 elementor-section-boxed elementor-section-height-default elementor-section-height-default\" data-id=\"4137e63\" data-element_type=\"section\">\n\t\t\t\t\t\t<div class=\"elementor-container elementor-column-gap-default\">\n\t\t\t\t\t<div class=\"elementor-column elementor-col-33 elementor-top-column elementor-element elementor-element-52eed03\" data-id=\"52eed03\" data-element_type=\"column\">\n\t\t\t<div class=\"elementor-widget-wrap elementor-element-populated\">\n\t\t\t\t\t\t<div class=\"elementor-element elementor-element-2ba40f5 elementor-position-top elementor-widget elementor-widget-image-box\" data-id=\"2ba40f5\" data-element_type=\"widget\" data-widget_type=\"image-box.default\">\n\t\t\t\t<div class=\"elementor-widget-container\">\n\t\t\t<div class=\"elementor-image-box-wrapper\"><figure class=\"elementor-image-box-img\"><a href=\"#\" tabindex=\"-1\"><img fetchpriority=\"high\" decoding=\"async\" width=\"268\" height=\"300\" src=\"https:\/\/cafs.org.sa\/wp-content\/uploads\/2025\/12\/DR-MOHAMED-BEN-LADEN2-268x300.jpg\" class=\"attachment-medium size-medium wp-image-18871\" alt=\"\" srcset=\"https:\/\/cafs.org.sa\/wp-content\/uploads\/2025\/12\/DR-MOHAMED-BEN-LADEN2-268x300.jpg 268w, https:\/\/cafs.org.sa\/wp-content\/uploads\/2025\/12\/DR-MOHAMED-BEN-LADEN2-11x12.jpg 11w, https:\/\/cafs.org.sa\/wp-content\/uploads\/2025\/12\/DR-MOHAMED-BEN-LADEN2.jpg 283w\" sizes=\"(max-width: 268px) 100vw, 268px\" \/><\/a><\/figure><div class=\"elementor-image-box-content\"><h3 class=\"elementor-image-box-title\"><a href=\"#\">Mohamed BEN LADEN<\/a><\/h3><p class=\"elementor-image-box-description\">Pr\u00e9sident Du CAFS <br>\nPr\u00e9sident de MBL Law Firm\n<\/p><\/div><\/div>\t\t<\/div>\n\t\t\t\t<\/div>\n\t\t\t\t\t<\/div>\n\t\t<\/div>\n\t\t\t\t<div class=\"elementor-column elementor-col-33 elementor-top-column elementor-element elementor-element-aafe78d\" data-id=\"aafe78d\" data-element_type=\"column\">\n\t\t\t<div class=\"elementor-widget-wrap elementor-element-populated\">\n\t\t\t\t\t\t<div class=\"elementor-element elementor-element-b53aed0 elementor-position-top elementor-widget elementor-widget-image-box\" data-id=\"b53aed0\" data-element_type=\"widget\" data-widget_type=\"image-box.default\">\n\t\t\t\t<div class=\"elementor-widget-container\">\n\t\t\t<div class=\"elementor-image-box-wrapper\"><figure class=\"elementor-image-box-img\"><a href=\"#\" tabindex=\"-1\"><img decoding=\"async\" width=\"227\" height=\"300\" src=\"https:\/\/cafs.org.sa\/wp-content\/uploads\/2025\/12\/Screenshot-2025-12-17-170008-1-227x300.png\" class=\"attachment-medium size-medium wp-image-18886\" alt=\"\" srcset=\"https:\/\/cafs.org.sa\/wp-content\/uploads\/2025\/12\/Screenshot-2025-12-17-170008-1-227x300.png 227w, https:\/\/cafs.org.sa\/wp-content\/uploads\/2025\/12\/Screenshot-2025-12-17-170008-1-9x12.png 9w, https:\/\/cafs.org.sa\/wp-content\/uploads\/2025\/12\/Screenshot-2025-12-17-170008-1-454x600.png 454w, https:\/\/cafs.org.sa\/wp-content\/uploads\/2025\/12\/Screenshot-2025-12-17-170008-1-423x560.png 423w, https:\/\/cafs.org.sa\/wp-content\/uploads\/2025\/12\/Screenshot-2025-12-17-170008-1.png 592w\" sizes=\"(max-width: 227px) 100vw, 227px\" \/><\/a><\/figure><div class=\"elementor-image-box-content\"><h3 class=\"elementor-image-box-title\"><a href=\"#\">Faiz AL ELWEET<\/a><\/h3><p class=\"elementor-image-box-description\">Vice-Pr\u00e9sident du CAFS <br>\nPr\u00e9sident d&#039;International Aramoon Co. Ltd.\n<\/p><\/div><\/div>\t\t<\/div>\n\t\t\t\t<\/div>\n\t\t\t\t\t<\/div>\n\t\t<\/div>\n\t\t\t\t<div class=\"elementor-column elementor-col-33 elementor-top-column elementor-element elementor-element-1ab7fa8\" data-id=\"1ab7fa8\" data-element_type=\"column\">\n\t\t\t<div class=\"elementor-widget-wrap elementor-element-populated\">\n\t\t\t\t\t\t<div class=\"elementor-element elementor-element-11bc23f elementor-position-top elementor-widget elementor-widget-image-box\" data-id=\"11bc23f\" data-element_type=\"widget\" data-widget_type=\"image-box.default\">\n\t\t\t\t<div class=\"elementor-widget-container\">\n\t\t\t<div class=\"elementor-image-box-wrapper\"><figure class=\"elementor-image-box-img\"><a href=\"#\" tabindex=\"-1\"><img decoding=\"async\" width=\"238\" height=\"300\" src=\"https:\/\/cafs.org.sa\/wp-content\/uploads\/2025\/12\/white-background-Noura-AlSaud_upscayl_3x_high-fidelity-4x-238x300.png\" class=\"attachment-medium size-medium wp-image-18909\" alt=\"\" srcset=\"https:\/\/cafs.org.sa\/wp-content\/uploads\/2025\/12\/white-background-Noura-AlSaud_upscayl_3x_high-fidelity-4x-238x300.png 238w, https:\/\/cafs.org.sa\/wp-content\/uploads\/2025\/12\/white-background-Noura-AlSaud_upscayl_3x_high-fidelity-4x-811x1024.png 811w, https:\/\/cafs.org.sa\/wp-content\/uploads\/2025\/12\/white-background-Noura-AlSaud_upscayl_3x_high-fidelity-4x-768x970.png 768w, https:\/\/cafs.org.sa\/wp-content\/uploads\/2025\/12\/white-background-Noura-AlSaud_upscayl_3x_high-fidelity-4x-10x12.png 10w, https:\/\/cafs.org.sa\/wp-content\/uploads\/2025\/12\/white-background-Noura-AlSaud_upscayl_3x_high-fidelity-4x-475x600.png 475w, https:\/\/cafs.org.sa\/wp-content\/uploads\/2025\/12\/white-background-Noura-AlSaud_upscayl_3x_high-fidelity-4x-444x560.png 444w, https:\/\/cafs.org.sa\/wp-content\/uploads\/2025\/12\/white-background-Noura-AlSaud_upscayl_3x_high-fidelity-4x-600x758.png 600w, https:\/\/cafs.org.sa\/wp-content\/uploads\/2025\/12\/white-background-Noura-AlSaud_upscayl_3x_high-fidelity-4x.png 834w\" sizes=\"(max-width: 238px) 100vw, 238px\" \/><\/a><\/figure><div class=\"elementor-image-box-content\"><h3 class=\"elementor-image-box-title\"><a href=\"#\">H.R.H. Princess Noura Faisal AL SAUD <\/a><\/h3><p class=\"elementor-image-box-description\">Founder of Culture House \/ CEO of JAY3LLE\n\n<\/p><\/div><\/div>\t\t<\/div>\n\t\t\t\t<\/div>\n\t\t\t\t\t<\/div>\n\t\t<\/div>\n\t\t\t\t\t<\/div>\n\t\t<\/section>\n\t\t\t\t<section class=\"elementor-section elementor-top-section elementor-element elementor-element-8e1fbbf elementor-section-boxed elementor-section-height-default elementor-section-height-default\" data-id=\"8e1fbbf\" data-element_type=\"section\">\n\t\t\t\t\t\t<div class=\"elementor-container elementor-column-gap-default\">\n\t\t\t\t\t<div class=\"elementor-column elementor-col-100 elementor-top-column elementor-element elementor-element-879a822\" data-id=\"879a822\" data-element_type=\"column\">\n\t\t\t<div class=\"elementor-widget-wrap\">\n\t\t\t\t\t\t\t<\/div>\n\t\t<\/div>\n\t\t\t\t\t<\/div>\n\t\t<\/section>\n\t\t\t\t<section class=\"elementor-section elementor-top-section elementor-element elementor-element-f865081 elementor-section-boxed elementor-section-height-default elementor-section-height-default\" data-id=\"f865081\" data-element_type=\"section\">\n\t\t\t\t\t\t<div class=\"elementor-container elementor-column-gap-default\">\n\t\t\t\t\t<div class=\"elementor-column elementor-col-33 elementor-top-column elementor-element elementor-element-2212cea\" data-id=\"2212cea\" data-element_type=\"column\">\n\t\t\t<div class=\"elementor-widget-wrap elementor-element-populated\">\n\t\t\t\t\t\t<div class=\"elementor-element elementor-element-31cd6e8 elementor-widget elementor-widget-text-editor\" data-id=\"31cd6e8\" data-element_type=\"widget\" data-widget_type=\"text-editor.default\">\n\t\t\t\t<div class=\"elementor-widget-container\">\n\t\t\t\t\t\t\t<p><strong>BIOGRAPHIE<\/strong><\/p>\n<ul>\n<li>Doctorat en histoire, La Sorbonne, Paris<\/li>\n<li>Master en Hautes Etudes Diplomatiques et Strat\u00e9giques, Centre d&#039;Etudes Diplomatiques et Strat\u00e9giques, Paris<\/li>\n<li>Dipl\u00f4me d&#039;Etudes Sup\u00e9rieures en Droits Fondamentaux, Universit\u00e9 de Nantes<\/li>\n<li>Master en Droit, FACO PARIS (Universit\u00e9 Priv\u00e9e de Droit et d&#039;Economie), Paris<\/li>\n<\/ul>\n<p><span style=\"letter-spacing: 0px;\">Mohamed BEN LADEN est pr\u00e9sident du Conseil d'Affaires Franco Saoudien (CAFS) depuis 2012.<\/span><\/p>\n<p>Il est \u00e9galement pr\u00e9sident du Mohamed Ben Laden Law Firm (MBL Law Firm), un cabinet d'avocats qu'il a fond\u00e9 \u00e0 Riyad en 1999, sp\u00e9cialis\u00e9 en droit des affaires. Il a d\u00e9velopp\u00e9 une expertise reconnue dans la structuration des accords internationaux.<\/p>\n<p>Mohamed Ben Laden a \u00e9t\u00e9 nomm\u00e9 \u00ab Global Law Expert \u2013 Recommended Attorney \u00bb en 2014.<\/p>\n<p>Le cabinet qu&#039;il pr\u00e9side s&#039;est vu d\u00e9cerner le prix du \u00ab Best Middle East Law Firm 2012 \u00bb \u00e0 Paris par le \u00ab International Legal Alliance Summit and Award \u00bb.<\/p>\n<p>Il est arbitre au Centre d'arbitrage commercial pour les \u00c9tats du Golfe \u00e0 Bahre\u00efn. Il est membre du Chartered Institute of Arbitrators de Londres, de la London Court of International Arbitration et d'autres institutions juridiques internationales.<\/p>\n<p>Mohamed BEN LADEN est l&#039;auteur de nombreux articles sur l&#039;environnement juridique des investissements \u00e9trangers en Arabie Saoudite ainsi que sur les relations bilat\u00e9rales entre la France et le Royaume d&#039;Arabie Saoudite.<\/p>\n<p>Mohamed BEN LADEN est Chevalier de l&#039;Ordre National de la L\u00e9gion d&#039;Honneur et Officier de l&#039;Ordre des Palmes Acad\u00e9miques.<\/p>\t\t\t\t\t\t<\/div>\n\t\t\t\t<\/div>\n\t\t\t\t\t<\/div>\n\t\t<\/div>\n\t\t\t\t<div class=\"elementor-column elementor-col-33 elementor-top-column elementor-element elementor-element-8460e36\" data-id=\"8460e36\" data-element_type=\"column\">\n\t\t\t<div class=\"elementor-widget-wrap elementor-element-populated\">\n\t\t\t\t\t\t<div class=\"elementor-element elementor-element-85e5696 elementor-widget elementor-widget-text-editor\" data-id=\"85e5696\" data-element_type=\"widget\" data-widget_type=\"text-editor.default\">\n\t\t\t\t<div class=\"elementor-widget-container\">\n\t\t\t\t\t\t\t<p><strong>BIOGRAPHIE<\/strong><\/p><p>He studied civil engineering at King Saud University in Riyadh and graduated in 1988.<\/p><p>He has been Vice President of the CAFS since 2012.<\/p><p>En 1990, il a cr\u00e9\u00e9 International Aramoon Co. LTD, une soci\u00e9t\u00e9 saoudienne leader dans la d\u00e9tection des fuites d&#039;eau et la r\u00e9duction des pertes d&#039;eau des r\u00e9seaux, sp\u00e9cialis\u00e9e dans le test sans creusement et la r\u00e9paration des r\u00e9seaux d&#039;eau et d&#039;\u00e9gouts. Il est consid\u00e9r\u00e9 comme l&#039;entrepreneur local en Arabie Saoudite et dans le Golfe dans ce domaine.<\/p><p>Le projet d&#039;exploitation de l&#039;eau mis en \u0153uvre par son entreprise dans le quartier de Mashaer \u00e0 La Mecque a remport\u00e9 un prix international \u00e0 Paris en 2018 par Global Water Intelligence pour le projet Smart Water de l&#039;ann\u00e9e.<\/p><p>En 1994, il a cr\u00e9\u00e9 Faiz Alelweet Engineering Consulting Company. En 1996, il est co-fondateur d&#039;Al Safinate en France qui est sp\u00e9cialis\u00e9e dans l&#039;\u00e9levage de chevaux arabes et la participation aux courses hippiques en France et \u00e0 l&#039;\u00e9tranger. En 2014, il a fond\u00e9 Aramoon Pipe Inspection and Rehabilitation LLC \u00e0 Abu Dhabi UAE pour fournir les m\u00eames services dans le domaine de l&#039;eau et des eaux us\u00e9es. En 2017, a acquis la majorit\u00e9 d&#039;Aquageo le consultant espagnol, sp\u00e9cialis\u00e9 dans les travaux de mod\u00e9lisation hydraulique et de conseil pour les r\u00e9seaux d&#039;eau.<\/p><p>He is a member of the Saudi Council of Engineers, a member of the International Society for Trenchless Technology (ISTT), a member of the American Water Works Association (AWWA), and a member of the International Water Association (IWA).<\/p><p>In 2012, he was decorated by The President of the French Republic with the French National Order of Merit Knight, one of the highest honors in France.<\/p>\t\t\t\t\t\t<\/div>\n\t\t\t\t<\/div>\n\t\t\t\t\t<\/div>\n\t\t<\/div>\n\t\t\t\t<div class=\"elementor-column elementor-col-33 elementor-top-column elementor-element elementor-element-20c9c58\" data-id=\"20c9c58\" data-element_type=\"column\">\n\t\t\t<div class=\"elementor-widget-wrap elementor-element-populated\">\n\t\t\t\t\t\t<div class=\"elementor-element elementor-element-1c3bf7f elementor-widget elementor-widget-text-editor\" data-id=\"1c3bf7f\" data-element_type=\"widget\" data-widget_type=\"text-editor.default\">\n\t\t\t\t<div class=\"elementor-widget-container\">\n\t\t\t\t\t\t\t<p><strong>BIOGRAPHIE<\/strong><\/p><p>Following the successful initiation, management, and implementation of high-profile, large-scale projects in Saudi Arabia, including the Kingdom\u2019s first ever \u2018Fashion Week\u2019, Her Highness Princess Noura bint Faisal Al Saud joined the Ministry of Culture\u2019s Fashion Commission, where she drove the nation\u2019s fashion industry sector strategy, and launched Saudi\u2019s inaugural fashion mentorship program and the first Saudi Fashion Week.<\/p><p>A return to private sector in 2022 saw her establish Culture House, a creative agency delivering cultural activations and innovative communications solutions.<\/p><p>In 2023 Princess Noura was recognized as a Young Global Leader by the World Economic Forum, and became Chairwoman of the Forbes Middle East Women\u2019s Summit.<\/p><p>In 2024, one of Saudi\u2019s leading retail and entertainment companies, Al Othaim Investment, invited her to join as Advisor to the Group\u2019s CEO, and most recently appointed her CEO of Al Othaim Culture Company, where she oversees fashion and cultural activities within the group.<\/p><p>In September 2024, Princess Noura was recognized by Business of Fashion, and joined the exclusive BOF 500, the definitive index of the people shaping the global fashion industry.<\/p><p>In 2025, she became CEO of JAY3LLE.<\/p>\t\t\t\t\t\t<\/div>\n\t\t\t\t<\/div>\n\t\t\t\t\t<\/div>\n\t\t<\/div>\n\t\t\t\t\t<\/div>\n\t\t<\/section>\n\t\t\t\t<section class=\"elementor-section elementor-top-section elementor-element elementor-element-dcbc693 elementor-section-boxed elementor-section-height-default elementor-section-height-default\" data-id=\"dcbc693\" data-element_type=\"section\">\n\t\t\t\t\t\t<div class=\"elementor-container elementor-column-gap-default\">\n\t\t\t\t\t<div class=\"elementor-column elementor-col-100 elementor-top-column elementor-element elementor-element-baf196f\" data-id=\"baf196f\" data-element_type=\"column\">\n\t\t\t<div class=\"elementor-widget-wrap elementor-element-populated\">\n\t\t\t\t\t\t<div class=\"elementor-element elementor-element-547f074 elementor-widget elementor-widget-image\" data-id=\"547f074\" data-element_type=\"widget\" data-widget_type=\"image.default\">\n\t\t\t\t<div class=\"elementor-widget-container\">\n\t\t\t\t\t\t\t\t\t\t\t\t\t<img loading=\"lazy\" decoding=\"async\" width=\"1024\" height=\"576\" src=\"https:\/\/cafs.org.sa\/wp-content\/uploads\/2026\/01\/CAFS-Executive-Committee-1024x576.png\" class=\"attachment-large size-large wp-image-19177\" alt=\"\" srcset=\"https:\/\/cafs.org.sa\/wp-content\/uploads\/2026\/01\/CAFS-Executive-Committee-1024x576.png 1024w, https:\/\/cafs.org.sa\/wp-content\/uploads\/2026\/01\/CAFS-Executive-Committee-300x169.png 300w, https:\/\/cafs.org.sa\/wp-content\/uploads\/2026\/01\/CAFS-Executive-Committee-768x432.png 768w, https:\/\/cafs.org.sa\/wp-content\/uploads\/2026\/01\/CAFS-Executive-Committee-1536x864.png 1536w, https:\/\/cafs.org.sa\/wp-content\/uploads\/2026\/01\/CAFS-Executive-Committee-18x10.png 18w, https:\/\/cafs.org.sa\/wp-content\/uploads\/2026\/01\/CAFS-Executive-Committee-600x338.png 600w, https:\/\/cafs.org.sa\/wp-content\/uploads\/2026\/01\/CAFS-Executive-Committee-560x315.png 560w, https:\/\/cafs.org.sa\/wp-content\/uploads\/2026\/01\/CAFS-Executive-Committee.png 1920w\" sizes=\"(max-width: 1024px) 100vw, 1024px\" \/>\t\t\t\t\t\t\t\t\t\t\t\t\t<\/div>\n\t\t\t\t<\/div>\n\t\t\t\t\t<\/div>\n\t\t<\/div>\n\t\t\t\t\t<\/div>\n\t\t<\/section>\n\t\t\t\t<section class=\"elementor-section elementor-top-section elementor-element elementor-element-549f9bf elementor-section-boxed elementor-section-height-default elementor-section-height-default\" data-id=\"549f9bf\" data-element_type=\"section\">\n\t\t\t\t\t\t<div class=\"elementor-container elementor-column-gap-default\">\n\t\t\t\t\t<div class=\"elementor-column elementor-col-100 elementor-top-column elementor-element elementor-element-2abd6a5\" data-id=\"2abd6a5\" data-element_type=\"column\">\n\t\t\t<div class=\"elementor-widget-wrap elementor-element-populated\">\n\t\t\t\t\t\t<div class=\"elementor-element elementor-element-7f5af3c elementor-widget elementor-widget-ova_heading\" data-id=\"7f5af3c\" data-element_type=\"widget\" data-widget_type=\"ova_heading.default\">\n\t\t\t\t<div class=\"elementor-widget-container\">\n\t\t\t\t\t<div class=\"ova-heading\">\n\t\t\t\n\t\t\t\t\t\t\t<h4 class=\"title second_font\">Anciens Pr\u00e9sidents<\/h4>\n\t\t\t\n\t\t\t\n\t\t<\/div>\n\t\t\t\t<\/div>\n\t\t\t\t<\/div>\n\t\t\t\t\t<\/div>\n\t\t<\/div>\n\t\t\t\t\t<\/div>\n\t\t<\/section>\n\t\t\t\t<section class=\"elementor-section elementor-top-section elementor-element elementor-element-f2deee7 elementor-section-boxed elementor-section-height-default elementor-section-height-default\" data-id=\"f2deee7\" data-element_type=\"section\">\n\t\t\t\t\t\t<div class=\"elementor-container elementor-column-gap-default\">\n\t\t\t\t\t<div class=\"elementor-column elementor-col-25 elementor-top-column elementor-element elementor-element-cc5434d\" data-id=\"cc5434d\" data-element_type=\"column\">\n\t\t\t<div class=\"elementor-widget-wrap\">\n\t\t\t\t\t\t\t<\/div>\n\t\t<\/div>\n\t\t\t\t<div class=\"elementor-column elementor-col-25 elementor-top-column elementor-element elementor-element-0898e51\" data-id=\"0898e51\" data-element_type=\"column\">\n\t\t\t<div class=\"elementor-widget-wrap elementor-element-populated\">\n\t\t\t\t\t\t<div class=\"elementor-element elementor-element-039bf53 elementor-position-top elementor-widget elementor-widget-image-box\" data-id=\"039bf53\" data-element_type=\"widget\" data-widget_type=\"image-box.default\">\n\t\t\t\t<div class=\"elementor-widget-container\">\n\t\t\t<div class=\"elementor-image-box-wrapper\"><figure class=\"elementor-image-box-img\"><a href=\"#\" tabindex=\"-1\"><img loading=\"lazy\" decoding=\"async\" width=\"512\" height=\"512\" src=\"https:\/\/cafs.org.sa\/wp-content\/uploads\/2023\/03\/Leadership-Abdul-Aziz-AL-SHAIKH.jpg\" class=\"attachment-full size-full wp-image-6479\" alt=\"\" srcset=\"https:\/\/cafs.org.sa\/wp-content\/uploads\/2023\/03\/Leadership-Abdul-Aziz-AL-SHAIKH.jpg 512w, https:\/\/cafs.org.sa\/wp-content\/uploads\/2023\/03\/Leadership-Abdul-Aziz-AL-SHAIKH-300x300.jpg 300w, https:\/\/cafs.org.sa\/wp-content\/uploads\/2023\/03\/Leadership-Abdul-Aziz-AL-SHAIKH-150x150.jpg 150w, https:\/\/cafs.org.sa\/wp-content\/uploads\/2023\/03\/Leadership-Abdul-Aziz-AL-SHAIKH-100x100.jpg 100w\" sizes=\"(max-width: 512px) 100vw, 512px\" \/><\/a><\/figure><div class=\"elementor-image-box-content\"><h3 class=\"elementor-image-box-title\"><a href=\"#\">M. Abdul-Aziz AL-SHAIKH<\/a><\/h3><p class=\"elementor-image-box-description\">Pr\u00e9sident Du CAFS <br>\nDe 2003 \u00e0 2006\n<\/p><\/div><\/div>\t\t<\/div>\n\t\t\t\t<\/div>\n\t\t\t\t\t<\/div>\n\t\t<\/div>\n\t\t\t\t<div class=\"elementor-column elementor-col-25 elementor-top-column elementor-element elementor-element-16f7d90\" data-id=\"16f7d90\" data-element_type=\"column\">\n\t\t\t<div class=\"elementor-widget-wrap elementor-element-populated\">\n\t\t\t\t\t\t<div class=\"elementor-element elementor-element-ef43299 elementor-position-top elementor-widget elementor-widget-image-box\" data-id=\"ef43299\" data-element_type=\"widget\" data-widget_type=\"image-box.default\">\n\t\t\t\t<div class=\"elementor-widget-container\">\n\t\t\t<div class=\"elementor-image-box-wrapper\"><figure class=\"elementor-image-box-img\"><a href=\"#\" tabindex=\"-1\"><img loading=\"lazy\" decoding=\"async\" width=\"512\" height=\"512\" src=\"https:\/\/cafs.org.sa\/wp-content\/uploads\/2023\/03\/Leadership-Kamel-AL-MUNAJJED.jpg\" class=\"attachment-full size-full wp-image-6480\" alt=\"\" srcset=\"https:\/\/cafs.org.sa\/wp-content\/uploads\/2023\/03\/Leadership-Kamel-AL-MUNAJJED.jpg 512w, https:\/\/cafs.org.sa\/wp-content\/uploads\/2023\/03\/Leadership-Kamel-AL-MUNAJJED-300x300.jpg 300w, https:\/\/cafs.org.sa\/wp-content\/uploads\/2023\/03\/Leadership-Kamel-AL-MUNAJJED-150x150.jpg 150w, https:\/\/cafs.org.sa\/wp-content\/uploads\/2023\/03\/Leadership-Kamel-AL-MUNAJJED-100x100.jpg 100w\" sizes=\"(max-width: 512px) 100vw, 512px\" \/><\/a><\/figure><div class=\"elementor-image-box-content\"><h3 class=\"elementor-image-box-title\"><a href=\"#\">M. Kamel AL MUNAJJED<\/a><\/h3><p class=\"elementor-image-box-description\">Pr\u00e9sident Du CAFS <br>\nDe 2007 \u00e0 2012\n<\/p><\/div><\/div>\t\t<\/div>\n\t\t\t\t<\/div>\n\t\t\t\t\t<\/div>\n\t\t<\/div>\n\t\t\t\t<div class=\"elementor-column elementor-col-25 elementor-top-column elementor-element elementor-element-9b4cf30\" data-id=\"9b4cf30\" data-element_type=\"column\">\n\t\t\t<div class=\"elementor-widget-wrap\">\n\t\t\t\t\t\t\t<\/div>\n\t\t<\/div>\n\t\t\t\t\t<\/div>\n\t\t<\/section>\n\t\t\t\t<\/div>","protected":false},"excerpt":{"rendered":"<p>2025 Presidency Mohamed BEN LADEN President of CAFS Chairman of MBL Law Firm Faiz AL ELWEET Vice President of CAFS Chairman of International Aramoon Co. Ltd. H.R.H. Princess Noura Faisal AL SAUD Founder of Culture House \/ CEO of JAY3LLE BIOGRAPHY Doctorate in History, La Sorbonne, Paris Master\u2019s Degree in Advanced Diplomatic and Strategic Studies, [&hellip;]<\/p>\n","protected":false},"author":2,"featured_media":0,"parent":0,"menu_order":0,"comment_status":"closed","ping_status":"closed","template":"","meta":{"om_disable_all_campaigns":false,"_monsterinsights_skip_tracking":false,"_monsterinsights_sitenote_active":false,"_monsterinsights_sitenote_note":"","_monsterinsights_sitenote_category":0,"footnotes":""},"class_list":["post-5787","page","type-page","status-publish","hentry"],"yoast_head":"<!-- This site is optimized with the Yoast SEO plugin v27.5 - https:\/\/yoast.com\/product\/yoast-seo-wordpress\/ -->\n<title>Leadership - CAFS KSA<\/title>\n<meta name=\"robots\" content=\"index, follow, max-snippet:-1, max-image-preview:large, max-video-preview:-1\" \/>\n<link rel=\"canonical\" href=\"https:\/\/cafs.org.sa\/fr\/leadership\/\" \/>\n<meta property=\"og:locale\" content=\"fr_FR\" \/>\n<meta property=\"og:type\" content=\"article\" \/>\n<meta property=\"og:title\" content=\"Leadership - CAFS KSA\" \/>\n<meta property=\"og:description\" content=\"2025 Presidency Mohamed BEN LADEN President of CAFS Chairman of MBL Law Firm Faiz AL ELWEET Vice President of CAFS Chairman of International Aramoon Co. Ltd. H.R.H. Princess Noura Faisal AL SAUD Founder of Culture House \/ CEO of JAY3LLE BIOGRAPHY Doctorate in History, La Sorbonne, Paris Master\u2019s Degree in Advanced Diplomatic and Strategic Studies, [&hellip;]\" \/>\n<meta property=\"og:url\" content=\"https:\/\/cafs.org.sa\/fr\/leadership\/\" \/>\n<meta property=\"og:site_name\" content=\"CAFS KSA\" \/>\n<meta property=\"article:publisher\" content=\"https:\/\/www.facebook.com\/people\/Saudi-French-Business-Council-CAFS\/100090006094494\/\" \/>\n<meta property=\"article:modified_time\" content=\"2026-01-25T10:44:19+00:00\" \/>\n<meta property=\"og:image\" content=\"https:\/\/cafs.org.sa\/wp-content\/uploads\/2025\/12\/DR-MOHAMED-BEN-LADEN2.jpg\" \/>\n\t<meta property=\"og:image:width\" content=\"283\" \/>\n\t<meta property=\"og:image:height\" content=\"317\" \/>\n\t<meta property=\"og:image:type\" content=\"image\/jpeg\" \/>\n<meta name=\"twitter:card\" content=\"summary_large_image\" \/>\n<meta name=\"twitter:site\" content=\"@SaudiCafs\" \/>\n<meta name=\"twitter:label1\" content=\"Dur\u00e9e de lecture estim\u00e9e\" \/>\n\t<meta name=\"twitter:data1\" content=\"5 minutes\" \/>\n<script type=\"application\/ld+json\" class=\"yoast-schema-graph\">{\"@context\":\"https:\\\/\\\/schema.org\",\"@graph\":[{\"@type\":\"WebPage\",\"@id\":\"https:\\\/\\\/cafs.org.sa\\\/leadership\\\/\",\"url\":\"https:\\\/\\\/cafs.org.sa\\\/leadership\\\/\",\"name\":\"Leadership - CAFS KSA\",\"isPartOf\":{\"@id\":\"https:\\\/\\\/cafs.org.sa\\\/#website\"},\"primaryImageOfPage\":{\"@id\":\"https:\\\/\\\/cafs.org.sa\\\/leadership\\\/#primaryimage\"},\"image\":{\"@id\":\"https:\\\/\\\/cafs.org.sa\\\/leadership\\\/#primaryimage\"},\"thumbnailUrl\":\"https:\\\/\\\/cafs.org.sa\\\/wp-content\\\/uploads\\\/2025\\\/12\\\/DR-MOHAMED-BEN-LADEN2-268x300.jpg\",\"datePublished\":\"2023-03-05T08:30:56+00:00\",\"dateModified\":\"2026-01-25T10:44:19+00:00\",\"breadcrumb\":{\"@id\":\"https:\\\/\\\/cafs.org.sa\\\/leadership\\\/#breadcrumb\"},\"inLanguage\":\"fr-FR\",\"potentialAction\":[{\"@type\":\"ReadAction\",\"target\":[\"https:\\\/\\\/cafs.org.sa\\\/leadership\\\/\"]}]},{\"@type\":\"ImageObject\",\"inLanguage\":\"fr-FR\",\"@id\":\"https:\\\/\\\/cafs.org.sa\\\/leadership\\\/#primaryimage\",\"url\":\"https:\\\/\\\/cafs.org.sa\\\/wp-content\\\/uploads\\\/2025\\\/12\\\/DR-MOHAMED-BEN-LADEN2-268x300.jpg\",\"contentUrl\":\"https:\\\/\\\/cafs.org.sa\\\/wp-content\\\/uploads\\\/2025\\\/12\\\/DR-MOHAMED-BEN-LADEN2-268x300.jpg\"},{\"@type\":\"BreadcrumbList\",\"@id\":\"https:\\\/\\\/cafs.org.sa\\\/leadership\\\/#breadcrumb\",\"itemListElement\":[{\"@type\":\"ListItem\",\"position\":1,\"name\":\"Home\",\"item\":\"https:\\\/\\\/cafs.org.sa\\\/\"},{\"@type\":\"ListItem\",\"position\":2,\"name\":\"Leadership\"}]},{\"@type\":\"WebSite\",\"@id\":\"https:\\\/\\\/cafs.org.sa\\\/#website\",\"url\":\"https:\\\/\\\/cafs.org.sa\\\/\",\"name\":\"CAFS\",\"description\":\"\",\"publisher\":{\"@id\":\"https:\\\/\\\/cafs.org.sa\\\/#organization\"},\"potentialAction\":[{\"@type\":\"SearchAction\",\"target\":{\"@type\":\"EntryPoint\",\"urlTemplate\":\"https:\\\/\\\/cafs.org.sa\\\/?s={search_term_string}\"},\"query-input\":{\"@type\":\"PropertyValueSpecification\",\"valueRequired\":true,\"valueName\":\"search_term_string\"}}],\"inLanguage\":\"fr-FR\"},{\"@type\":\"Organization\",\"@id\":\"https:\\\/\\\/cafs.org.sa\\\/#organization\",\"name\":\"Conseil d'Affaires Franco Saoudien (CAFS)\",\"url\":\"https:\\\/\\\/cafs.org.sa\\\/\",\"logo\":{\"@type\":\"ImageObject\",\"inLanguage\":\"fr-FR\",\"@id\":\"https:\\\/\\\/cafs.org.sa\\\/#\\\/schema\\\/logo\\\/image\\\/\",\"url\":\"https:\\\/\\\/cafs.org.sa\\\/wp-content\\\/uploads\\\/2020\\\/07\\\/CAFS-Transparent-background.png\",\"contentUrl\":\"https:\\\/\\\/cafs.org.sa\\\/wp-content\\\/uploads\\\/2020\\\/07\\\/CAFS-Transparent-background.png\",\"width\":2208,\"height\":1470,\"caption\":\"Conseil d'Affaires Franco Saoudien (CAFS)\"},\"image\":{\"@id\":\"https:\\\/\\\/cafs.org.sa\\\/#\\\/schema\\\/logo\\\/image\\\/\"},\"sameAs\":[\"https:\\\/\\\/www.facebook.com\\\/people\\\/Saudi-French-Business-Council-CAFS\\\/100090006094494\\\/\",\"https:\\\/\\\/x.com\\\/SaudiCafs\",\"https:\\\/\\\/www.linkedin.com\\\/company\\\/saudi-french-business-council\\\/\",\"https:\\\/\\\/www.instagram.com\\\/cafs_ksa\\\/\",\"https:\\\/\\\/www.youtube.com\\\/@saudifrenchbusinesscouncilcafs\"]}]}<\/script>\n<!-- \/ Yoast SEO plugin. -->","yoast_head_json":{"title":"Leadership - CAFS KSA","robots":{"index":"index","follow":"follow","max-snippet":"max-snippet:-1","max-image-preview":"max-image-preview:large","max-video-preview":"max-video-preview:-1"},"canonical":"https:\/\/cafs.org.sa\/fr\/leadership\/","og_locale":"fr_FR","og_type":"article","og_title":"Leadership - CAFS KSA","og_description":"2025 Presidency Mohamed BEN LADEN President of CAFS Chairman of MBL Law Firm Faiz AL ELWEET Vice President of CAFS Chairman of International Aramoon Co. Ltd. H.R.H. Princess Noura Faisal AL SAUD Founder of Culture House \/ CEO of JAY3LLE BIOGRAPHY Doctorate in History, La Sorbonne, Paris Master\u2019s Degree in Advanced Diplomatic and Strategic Studies, [&hellip;]","og_url":"https:\/\/cafs.org.sa\/fr\/leadership\/","og_site_name":"CAFS KSA","article_publisher":"https:\/\/www.facebook.com\/people\/Saudi-French-Business-Council-CAFS\/100090006094494\/","article_modified_time":"2026-01-25T10:44:19+00:00","og_image":[{"width":283,"height":317,"url":"https:\/\/cafs.org.sa\/wp-content\/uploads\/2025\/12\/DR-MOHAMED-BEN-LADEN2.jpg","type":"image\/jpeg"}],"twitter_card":"summary_large_image","twitter_site":"@SaudiCafs","twitter_misc":{"Dur\u00e9e de lecture estim\u00e9e":"5 minutes"},"schema":{"@context":"https:\/\/schema.org","@graph":[{"@type":"WebPage","@id":"https:\/\/cafs.org.sa\/leadership\/","url":"https:\/\/cafs.org.sa\/leadership\/","name":"Leadership - CAFS KSA","isPartOf":{"@id":"https:\/\/cafs.org.sa\/#website"},"primaryImageOfPage":{"@id":"https:\/\/cafs.org.sa\/leadership\/#primaryimage"},"image":{"@id":"https:\/\/cafs.org.sa\/leadership\/#primaryimage"},"thumbnailUrl":"https:\/\/cafs.org.sa\/wp-content\/uploads\/2025\/12\/DR-MOHAMED-BEN-LADEN2-268x300.jpg","datePublished":"2023-03-05T08:30:56+00:00","dateModified":"2026-01-25T10:44:19+00:00","breadcrumb":{"@id":"https:\/\/cafs.org.sa\/leadership\/#breadcrumb"},"inLanguage":"fr-FR","potentialAction":[{"@type":"ReadAction","target":["https:\/\/cafs.org.sa\/leadership\/"]}]},{"@type":"ImageObject","inLanguage":"fr-FR","@id":"https:\/\/cafs.org.sa\/leadership\/#primaryimage","url":"https:\/\/cafs.org.sa\/wp-content\/uploads\/2025\/12\/DR-MOHAMED-BEN-LADEN2-268x300.jpg","contentUrl":"https:\/\/cafs.org.sa\/wp-content\/uploads\/2025\/12\/DR-MOHAMED-BEN-LADEN2-268x300.jpg"},{"@type":"BreadcrumbList","@id":"https:\/\/cafs.org.sa\/leadership\/#breadcrumb","itemListElement":[{"@type":"ListItem","position":1,"name":"Home","item":"https:\/\/cafs.org.sa\/"},{"@type":"ListItem","position":2,"name":"Leadership"}]},{"@type":"WebSite","@id":"https:\/\/cafs.org.sa\/#website","url":"https:\/\/cafs.org.sa\/","name":"CAFS","description":"","publisher":{"@id":"https:\/\/cafs.org.sa\/#organization"},"potentialAction":[{"@type":"SearchAction","target":{"@type":"EntryPoint","urlTemplate":"https:\/\/cafs.org.sa\/?s={search_term_string}"},"query-input":{"@type":"PropertyValueSpecification","valueRequired":true,"valueName":"search_term_string"}}],"inLanguage":"fr-FR"},{"@type":"Organization","@id":"https:\/\/cafs.org.sa\/#organization","name":"Conseil d'Affaires Franco Saoudien (CAFS)","url":"https:\/\/cafs.org.sa\/","logo":{"@type":"ImageObject","inLanguage":"fr-FR","@id":"https:\/\/cafs.org.sa\/#\/schema\/logo\/image\/","url":"https:\/\/cafs.org.sa\/wp-content\/uploads\/2020\/07\/CAFS-Transparent-background.png","contentUrl":"https:\/\/cafs.org.sa\/wp-content\/uploads\/2020\/07\/CAFS-Transparent-background.png","width":2208,"height":1470,"caption":"Conseil d'Affaires Franco Saoudien (CAFS)"},"image":{"@id":"https:\/\/cafs.org.sa\/#\/schema\/logo\/image\/"},"sameAs":["https:\/\/www.facebook.com\/people\/Saudi-French-Business-Council-CAFS\/100090006094494\/","https:\/\/x.com\/SaudiCafs","https:\/\/www.linkedin.com\/company\/saudi-french-business-council\/","https:\/\/www.instagram.com\/cafs_ksa\/","https:\/\/www.youtube.com\/@saudifrenchbusinesscouncilcafs"]}]}},"_links":{"self":[{"href":"https:\/\/cafs.org.sa\/fr\/wp-json\/wp\/v2\/pages\/5787","targetHints":{"allow":["GET"]}}],"collection":[{"href":"https:\/\/cafs.org.sa\/fr\/wp-json\/wp\/v2\/pages"}],"about":[{"href":"https:\/\/cafs.org.sa\/fr\/wp-json\/wp\/v2\/types\/page"}],"author":[{"embeddable":true,"href":"https:\/\/cafs.org.sa\/fr\/wp-json\/wp\/v2\/users\/2"}],"replies":[{"embeddable":true,"href":"https:\/\/cafs.org.sa\/fr\/wp-json\/wp\/v2\/comments?post=5787"}],"version-history":[{"count":71,"href":"https:\/\/cafs.org.sa\/fr\/wp-json\/wp\/v2\/pages\/5787\/revisions"}],"predecessor-version":[{"id":19186,"href":"https:\/\/cafs.org.sa\/fr\/wp-json\/wp\/v2\/pages\/5787\/revisions\/19186"}],"wp:attachment":[{"href":"https:\/\/cafs.org.sa\/fr\/wp-json\/wp\/v2\/media?parent=5787"}],"curies":[{"name":"wp","href":"https:\/\/api.w.org\/{rel}","templated":true}]}}